{"id":2570,"date":"2024-11-15T15:47:48","date_gmt":"2024-11-15T15:47:48","guid":{"rendered":"https:\/\/www.thorsten-fritz.com\/?page_id=2570"},"modified":"2026-03-28T13:02:27","modified_gmt":"2026-03-28T13:02:27","slug":"2570-2","status":"publish","type":"page","link":"https:\/\/www.thorsten-fritz.com\/","title":{"rendered":""},"content":{"rendered":"<div id=\"pl-2570\"  class=\"panel-layout\" ><div id=\"pg-2570-0\"  class=\"panel-grid panel-has-style\" ><div class=\"siteorigin-panels-stretch panel-row-style panel-row-style-for-2570-0\" data-stretch-type=\"full\" ><div id=\"pgc-2570-0-0\"  class=\"panel-grid-cell panel-grid-cell-empty\" ><\/div><\/div><\/div><div id=\"pg-2570-1\"  class=\"panel-grid panel-no-style\" ><div id=\"pgc-2570-1-0\"  class=\"panel-grid-cell\" ><div id=\"panel-2570-1-0-0\" class=\"so-panel widget widget_popularis_about_me widget-populariswp-about-me about-me-widget panel-first-child panel-last-child\" data-index=\"0\" ><h3 class=\"widget-title\">\u00dcber mich<\/h3>\r\n\t\t\t\t<div class=\"populariswp-about-me\">\r\n\r\n\t\t\t\t\t<div class=\"populariswp-about-me-avatar clr\">\r\n\r\n\t\t\t\t\t\t\t\t\t\t\t\t\t<img decoding=\"async\" src=\"https:\/\/www.thorsten-fritz.com\/wordpress\/wp-content\/uploads\/2024\/11\/274921362_378377167530343_422135182476723581_n-150x151-1.jpg\" alt=\"\u00dcber mich\" \/>\r\n\t\t\t\t\t\t\t\t\t\t\t\t\t<h3 class=\"populariswp-about-me-name\">Thorsten Fritz<\/h3>\r\n\t\t\t\t\t\t\r\n\t\t\t\t\t<\/div><!-- .populariswp-about-me-avatar -->\r\n\r\n\t\t\t\t\t\t\t\t\t\t\t<div class=\"populariswp-about-me-text clr\">Mein Name ist Thorsten, ich bin 48 Jahre alt und fotografiere seit etwa 12 Jahren. \nIch lebe in dem kleinen Ort N\u00f6rde, direkt neben Warburg.\nIch biete Bilder auf Leinwand, Alu - Dibond Platten  oder als hochaufl\u00f6sende Dateien an. Ich begleite ich euch auf euren Hochzeiten und Events und erstelle Firmen - Portraits oder Mitarbeiter Fotos.\nHier zeige ich euch eine \u00dcbersicht \u00fcber meine T\u00e4tigkeiten als Fotograf.<\/div>\r\n\t\t\t\t\t\r\n\t\t\t\t\t\t<ul class=\"populariswp-about-me-social style-color\">\r\n\t\t\t\t\t\t\t\r\n\t\t\t\t\t\t<\/ul>\r\n\r\n\t\t\t\t\t\r\n\t\t\t\t<\/div>\r\n\r\n\t\t\t<\/div><\/div><\/div><div id=\"pg-2570-2\"  class=\"panel-grid panel-no-style\" ><div id=\"pgc-2570-2-0\"  class=\"panel-grid-cell panel-grid-cell-empty\" ><\/div><\/div><div id=\"pg-2570-3\"  class=\"panel-grid panel-no-style\" ><div id=\"pgc-2570-3-0\"  class=\"panel-grid-cell\" ><div id=\"panel-2570-3-0-0\" class=\"so-panel widget widget_sow-editor panel-first-child panel-last-child\" data-index=\"1\" ><div\n\t\t\t\n\t\t\tclass=\"so-widget-sow-editor so-widget-sow-editor-base\"\n\t\t\t\n\t\t>\n<div class=\"siteorigin-widget-tinymce textwidget\">\n\t<h6 style=\"text-align: center;\">Hier geht es direkt zu den am h\u00e4ufigsten besuchten Bildergalerien<\/h6>\n<\/div>\n<\/div><\/div><\/div><\/div><div id=\"pg-2570-4\"  class=\"panel-grid panel-no-style\" ><div id=\"pgc-2570-4-0\"  class=\"panel-grid-cell\" ><div id=\"panel-2570-4-0-0\" class=\"so-panel widget widget_sow-hero panel-first-child\" data-index=\"2\" ><div\n\t\t\t\n\t\t\tclass=\"so-widget-sow-hero so-widget-sow-hero-default-6405f9182ed5-2570 so-widget-fittext-wrapper\"\n\t\t\t data-fit-text-compressor=\"0.85\"\n\t\t>\t\t\t\t<div class=\"sow-slider-base\" style=\"display: none\" tabindex=\"0\">\n\t\t\t\t\t<ul\n\t\t\t\t\tclass=\"sow-slider-images\"\n\t\t\t\t\tdata-settings=\"{&quot;pagination&quot;:true,&quot;speed&quot;:&quot;800&quot;,&quot;timeout&quot;:&quot;8000&quot;,&quot;paused&quot;:false,&quot;pause_on_hover&quot;:false,&quot;swipe&quot;:&quot;on&quot;,&quot;nav_always_show_desktop&quot;:&quot;&quot;,&quot;nav_always_show_mobile&quot;:&quot;&quot;,&quot;breakpoint&quot;:&quot;780px&quot;,&quot;unmute&quot;:false,&quot;anchor&quot;:null}\"\n\t\t\t\t\t\t\t\t\t\tdata-anchor-id=\"\"\n\t\t\t\t>\t\t<li class=\"sow-slider-image  sow-slider-image-cover\" style=\"visibility: visible;;background-color: #333333;cursor: pointer;\" data-url=\"{&quot;url&quot;:&quot;https:\\\/\\\/www.thorsten-fritz.com\\\/?page_id=2649&quot;,&quot;new_window&quot;:false}\" >\n\t\t\t\t\t<div class=\"sow-slider-image-container\">\n\t\t\t<div class=\"sow-slider-image-wrapper\">\n\t\t\t\t<h1 style=\"text-align: center\">Warburg<\/h1>\n\t\t\t<\/div>\n\t\t<\/div>\n\t\t<div class=\"sow-slider-image-overlay sow-slider-image-cover\" style=\"opacity: 0.87;background-image: url(https:\/\/www.thorsten-fritz.com\/wordpress\/wp-content\/uploads\/2024\/11\/warburg.webp)\"  ><\/div>\t\t<\/li>\n\t\t<\/ul>\t\t\t\t<ol class=\"sow-slider-pagination\">\n\t\t\t\t\t\t\t\t\t\t\t<li><a href=\"#\" data-goto=\"0\" aria-label=\"Display slide 1\"><\/a><\/li>\n\t\t\t\t\t\t\t\t\t<\/ol>\n\n\t\t\t\t<div class=\"sow-slide-nav sow-slide-nav-next\">\n\t\t\t\t\t<a href=\"#\" data-goto=\"next\" aria-label=\"Next slide\" data-action=\"next\">\n\t\t\t\t\t\t<em class=\"sow-sld-icon-thin-right\"><\/em>\n\t\t\t\t\t<\/a>\n\t\t\t\t<\/div>\n\n\t\t\t\t<div class=\"sow-slide-nav sow-slide-nav-prev\">\n\t\t\t\t\t<a href=\"#\" data-goto=\"previous\" aria-label=\"Previous slide\" data-action=\"prev\">\n\t\t\t\t\t\t<em class=\"sow-sld-icon-thin-left\"><\/em>\n\t\t\t\t\t<\/a>\n\t\t\t\t<\/div>\n\t\t\t\t<\/div><\/div><\/div><div id=\"panel-2570-4-0-1\" class=\"so-panel widget widget_sow-editor panel-last-child\" data-index=\"3\" ><div\n\t\t\t\n\t\t\tclass=\"so-widget-sow-editor so-widget-sow-editor-base\"\n\t\t\t\n\t\t>\n<div class=\"siteorigin-widget-tinymce textwidget\">\n\t<p>Warburg und Umgebung.<\/p>\n<p>Bilder aus meiner Heimatstadt Warburg und der umliegenden B\u00f6rde.<\/p>\n<p style=\"text-align: left;\"><a href=\"https:\/\/www.thorsten-fritz.com\/?page_id=249\"><span style=\"color: #f46455;\"><em><strong>Zu den Bildern<br \/>\n<\/strong><\/em><\/span><\/a><\/p>\n<\/div>\n<\/div><\/div><\/div><div id=\"pgc-2570-4-1\"  class=\"panel-grid-cell\" ><div id=\"panel-2570-4-1-0\" class=\"so-panel widget widget_sow-hero panel-first-child\" data-index=\"4\" ><div\n\t\t\t\n\t\t\tclass=\"so-widget-sow-hero so-widget-sow-hero-default-69b1a9e45b00-2570 so-widget-fittext-wrapper\"\n\t\t\t data-fit-text-compressor=\"0.85\"\n\t\t>\t\t\t\t<div class=\"sow-slider-base\" style=\"display: none\" tabindex=\"0\">\n\t\t\t\t\t<ul\n\t\t\t\t\tclass=\"sow-slider-images\"\n\t\t\t\t\tdata-settings=\"{&quot;pagination&quot;:true,&quot;speed&quot;:800,&quot;timeout&quot;:8000,&quot;paused&quot;:true,&quot;pause_on_hover&quot;:false,&quot;swipe&quot;:true,&quot;nav_always_show_desktop&quot;:&quot;&quot;,&quot;nav_always_show_mobile&quot;:&quot;&quot;,&quot;breakpoint&quot;:&quot;780px&quot;,&quot;unmute&quot;:false,&quot;anchor&quot;:null}\"\n\t\t\t\t\t\t\t\t\t\tdata-anchor-id=\"\"\n\t\t\t\t>\t\t<li class=\"sow-slider-image  sow-slider-image-cover\" style=\"visibility: visible;;background-color: #333333;cursor: pointer;\" data-url=\"{&quot;url&quot;:&quot;https:\\\/\\\/www.thorsten-fritz.com\\\/?page_id=2074&quot;,&quot;new_window&quot;:false}\" >\n\t\t\t\t\t<div class=\"sow-slider-image-container\">\n\t\t\t<div class=\"sow-slider-image-wrapper\">\n\t\t\t\t<h1 style=\"text-align: center\">Sternenhimmel<\/h1>\n\t\t\t<\/div>\n\t\t<\/div>\n\t\t<div class=\"sow-slider-image-overlay sow-slider-image-cover\" style=\"opacity: 0.76;background-image: url(https:\/\/www.thorsten-fritz.com\/wordpress\/wp-content\/uploads\/2024\/11\/100x50.webp)\"  ><\/div>\t\t<\/li>\n\t\t<\/ul>\t\t\t\t<ol class=\"sow-slider-pagination\">\n\t\t\t\t\t\t\t\t\t\t\t<li><a href=\"#\" data-goto=\"0\" aria-label=\"Display slide 1\"><\/a><\/li>\n\t\t\t\t\t\t\t\t\t<\/ol>\n\n\t\t\t\t<div class=\"sow-slide-nav sow-slide-nav-next\">\n\t\t\t\t\t<a href=\"#\" data-goto=\"next\" aria-label=\"Next slide\" data-action=\"next\">\n\t\t\t\t\t\t<em class=\"sow-sld-icon-thin-right\"><\/em>\n\t\t\t\t\t<\/a>\n\t\t\t\t<\/div>\n\n\t\t\t\t<div class=\"sow-slide-nav sow-slide-nav-prev\">\n\t\t\t\t\t<a href=\"#\" data-goto=\"previous\" aria-label=\"Previous slide\" data-action=\"prev\">\n\t\t\t\t\t\t<em class=\"sow-sld-icon-thin-left\"><\/em>\n\t\t\t\t\t<\/a>\n\t\t\t\t<\/div>\n\t\t\t\t<\/div><\/div><\/div><div id=\"panel-2570-4-1-1\" class=\"so-panel widget widget_sow-editor panel-last-child\" data-index=\"5\" ><div\n\t\t\t\n\t\t\tclass=\"so-widget-sow-editor so-widget-sow-editor-base\"\n\t\t\t\n\t\t>\n<div class=\"siteorigin-widget-tinymce textwidget\">\n\t<p class=\"has-text-align-center wp-block-heading\" style=\"text-align: left;\">Aufnahmen&nbsp; des Sternenhimmel und der Milchstra\u00dfe.<\/p>\n<p class=\"has-text-align-center wp-block-heading\" style=\"text-align: left;\">Der Schwerpunkt meiner Landschaftsaufnahmen liegt bei den Sternen.Sie faszinierten mich von klein auf.Heute versuche ich die Sch\u00f6nheit des Nachthimmels in Kombination mit der Landschaft, als Bild gestalterisches Mittel ansprechend zu fotografieren<\/p>\n<p class=\"has-text-align-center\" style=\"text-align: left;\"><strong><em><a style=\"color: #f46455;\" href=\"https:\/\/www.thorsten-fritz.com\/?page_id=2074\">Zu den Bildern<\/a><\/em><\/strong><\/p>\n<p style=\"text-align: right;\"><span style=\"color: #f46455;\"><em><strong><em><strong>&nbsp;<\/strong><\/em><\/strong><\/em><\/span><\/p>\n<\/div>\n<\/div><\/div><\/div><div id=\"pgc-2570-4-2\"  class=\"panel-grid-cell\" ><div id=\"panel-2570-4-2-0\" class=\"so-panel widget widget_sow-hero panel-first-child\" data-index=\"6\" ><div\n\t\t\t\n\t\t\tclass=\"so-widget-sow-hero so-widget-sow-hero-default-cb0f209fd46f-2570 so-widget-fittext-wrapper\"\n\t\t\t data-fit-text-compressor=\"0.85\"\n\t\t>\t\t\t\t<div class=\"sow-slider-base\" style=\"display: none\" tabindex=\"0\">\n\t\t\t\t\t<ul\n\t\t\t\t\tclass=\"sow-slider-images\"\n\t\t\t\t\tdata-settings=\"{&quot;pagination&quot;:true,&quot;speed&quot;:800,&quot;timeout&quot;:8000,&quot;paused&quot;:true,&quot;pause_on_hover&quot;:false,&quot;swipe&quot;:true,&quot;nav_always_show_desktop&quot;:&quot;&quot;,&quot;nav_always_show_mobile&quot;:&quot;&quot;,&quot;breakpoint&quot;:&quot;780px&quot;,&quot;unmute&quot;:false,&quot;anchor&quot;:null}\"\n\t\t\t\t\t\t\t\t\t\tdata-anchor-id=\"\"\n\t\t\t\t>\t\t<li class=\"sow-slider-image  sow-slider-image-cover\" style=\"visibility: visible;;background-color: #333333;cursor: pointer;\" data-url=\"{&quot;url&quot;:&quot;https:\\\/\\\/www.thorsten-fritz.com\\\/?bwg_gallery=desenberg&quot;,&quot;new_window&quot;:false}\" >\n\t\t\t\t\t<div class=\"sow-slider-image-container\">\n\t\t\t<div class=\"sow-slider-image-wrapper\">\n\t\t\t\t<h1 style=\"text-align: center\">Der Desenberg<\/h1>\n\t\t\t<\/div>\n\t\t<\/div>\n\t\t<div class=\"sow-slider-image-overlay sow-slider-image-cover\" style=\"opacity: 0.76;background-image: url(https:\/\/www.thorsten-fritz.com\/wordpress\/wp-content\/uploads\/2024\/11\/desenberg-kalender.webp)\"  ><\/div>\t\t<\/li>\n\t\t<\/ul>\t\t\t\t<ol class=\"sow-slider-pagination\">\n\t\t\t\t\t\t\t\t\t\t\t<li><a href=\"#\" data-goto=\"0\" aria-label=\"Display slide 1\"><\/a><\/li>\n\t\t\t\t\t\t\t\t\t<\/ol>\n\n\t\t\t\t<div class=\"sow-slide-nav sow-slide-nav-next\">\n\t\t\t\t\t<a href=\"#\" data-goto=\"next\" aria-label=\"Next slide\" data-action=\"next\">\n\t\t\t\t\t\t<em class=\"sow-sld-icon-thin-right\"><\/em>\n\t\t\t\t\t<\/a>\n\t\t\t\t<\/div>\n\n\t\t\t\t<div class=\"sow-slide-nav sow-slide-nav-prev\">\n\t\t\t\t\t<a href=\"#\" data-goto=\"previous\" aria-label=\"Previous slide\" data-action=\"prev\">\n\t\t\t\t\t\t<em class=\"sow-sld-icon-thin-left\"><\/em>\n\t\t\t\t\t<\/a>\n\t\t\t\t<\/div>\n\t\t\t\t<\/div><\/div><\/div><div id=\"panel-2570-4-2-1\" class=\"so-panel widget widget_sow-editor panel-last-child\" data-index=\"7\" ><div\n\t\t\t\n\t\t\tclass=\"so-widget-sow-editor so-widget-sow-editor-base\"\n\t\t\t\n\t\t>\n<div class=\"siteorigin-widget-tinymce textwidget\">\n\t<p style=\"text-align: left;\">Der Desenberg bei Daseburg im Kreis H\u00f6xter ist mit 343,6 m \u00fc. NHN die markanteste Erhebung der Warburger B\u00f6rde<\/p>\n<p style=\"text-align: left;\">Nat\u00fcrlich l\u00e4sst er sich Facettenreich und vielf\u00e4ltig zu den verschiedensten Jahreszeiten fotografieren.<\/p>\n<p style=\"text-align: left;\"><a href=\"https:\/\/www.thorsten-fritz.com\/?page_id=1489\"><span style=\"color: #f46455;\"><em><strong>Zu den Bildern<br \/>\n<\/strong><\/em><\/span><\/a><\/p>\n<\/div>\n<\/div><\/div><\/div><\/div><div id=\"pg-2570-5\"  class=\"panel-grid panel-has-style\" ><div class=\"panel-row-style panel-row-style-for-2570-5\" ><div id=\"pgc-2570-5-0\"  class=\"panel-grid-cell\" ><div id=\"panel-2570-5-0-0\" class=\"so-panel widget widget_sow-headline panel-first-child\" data-index=\"8\" ><div\n\t\t\t\n\t\t\tclass=\"so-widget-sow-headline so-widget-sow-headline-default-e7ba3b585430-2570 so-widget-fittext-wrapper\"\n\t\t\t data-fit-text-compressor=\"0.85\"\n\t\t><div class=\"sow-headline-container \">\n\t\t\t\t\t\t\t<h1 class=\"sow-headline\">\n\t\t\t\t\t\tPortfolio \t\t\t\t\t\t<\/h1>\n\t\t\t\t\t\t<\/div>\n<\/div><\/div><div id=\"panel-2570-5-0-1\" class=\"so-panel widget widget_sow-features panel-last-child\" data-index=\"9\" ><div class=\"panel-widget-style panel-widget-style-for-2570-5-0-1\" ><div\n\t\t\t\n\t\t\tclass=\"so-widget-sow-features so-widget-sow-features-default-cfe716216499-2570\"\n\t\t\t\n\t\t><ul\n\tclass=\"sow-features-list\n\tsow-features-responsive\">\n\n\t\t\t<li\n\t\t\tclass=\"sow-features-feature sow-icon-container-position-top\"\n\t\t\tstyle=\"display: flex; flex-direction: column; width: calc(33.333% - 25px);\"\n\t\t>\n\t\t\t\n\t\t\t\t\t\t\t<div class=\"sow-features-feature-right-left-container\" style=\"display: flex; flex-direction: inherit;\">\n\t\t\t\t\t\t\t<a\t\t\t\tclass=\"sow-icon-container sow-container-none\"\n\t\t\t\tstyle=\"color: #404040; \"\n\t\t\t\t\n\t\t\t\t\t\t\t\t\thref=\"https:\/\/www.thorsten-fritz.com\/?page_id=951\"\n\t\t\t\t\t\t\t\t>\n\t\t\t\t<span class=\"sow-icon-fontawesome sow-fas\" data-sow-icon=\"&#xf00c;\"\n\t\tstyle=\"font-size: 48px; color: #333333\" \n\t\taria-hidden=\"true\"><\/span>\t\t\t<\/a>\n\n\t\t\t<div class=\"textwidget\">\n\t\t\t\t\t\t\t\t\t<div class=\"sow-features-feature-content\">\n\t\t\t\t\n\t\t\t\t\t\t\t\t\t<h4 class=\"sow-features-feature-title\">\n\t\t\t\t\t\t\t\t\t\t\t\t\t<a\n\t\t\t\t\t\t\t\thref=\"https:\/\/www.thorsten-fritz.com\/?page_id=951\"\n\t\t\t\t\t\t\t\t\t\t\t\t\t\t\t>\n\t\t\t\t\t\t\tLeinw\u00e4nde\t\t\t\t\t\t\t<\/a>\n\t\t\t\t\t\t\t\t\t\t\t\t<\/h4>\n\t\t\t\t\n\t\t\t\t\t\t\t\t\t<div class=\"sow-features-feature-text\">\n\t\t\t\t\t<p>K\u00fcnstlerleinwand (340 g\/m\u00b2) - Leinwand druck auf Holz-Keilrahmen aufgezogen.<\/p>\n\t\t\t\t\t<\/div>\n\t\t\t\t\t\t\t\t\t\t<\/div>\n\t\t\t\t\t<p class=\"sow-more-text\">\n\t\t\t\t\t\t<a href=\"https:\/\/www.thorsten-fritz.com\/?page_id=951\" >\t\t\t\t\t\tmehr erfahren...\t\t\t\t\t\t<\/a>\t\t\t\t\t<\/p>\n\t\t\t\t\t\t\t<\/div>\n\t\t\t\t\t\t\t<\/div>\n\t\t\t\t\t\t\t\t<\/li>\n\n\t\t\t<li\n\t\t\tclass=\"sow-features-feature sow-icon-container-position-top\"\n\t\t\tstyle=\"display: flex; flex-direction: column; width: calc(33.333% - 25px);\"\n\t\t>\n\t\t\t\n\t\t\t\t\t\t\t<div class=\"sow-features-feature-right-left-container\" style=\"display: flex; flex-direction: inherit;\">\n\t\t\t\t\t\t\t<a\t\t\t\tclass=\"sow-icon-container sow-container-none\"\n\t\t\t\tstyle=\"color: #404040; \"\n\t\t\t\t\n\t\t\t\t\t\t\t\t\thref=\"https:\/\/www.thorsten-fritz.com\/?page_id=2942\"\n\t\t\t\t\t\t\t\t>\n\t\t\t\t<span class=\"sow-icon-fontawesome sow-fas\" data-sow-icon=\"&#xf00c;\"\n\t\tstyle=\"font-size: 48px; color: #333333\" \n\t\taria-hidden=\"true\"><\/span>\t\t\t<\/a>\n\n\t\t\t<div class=\"textwidget\">\n\t\t\t\t\t\t\t\t\t<div class=\"sow-features-feature-content\">\n\t\t\t\t\n\t\t\t\t\t\t\t\t\t<h4 class=\"sow-features-feature-title\">\n\t\t\t\t\t\t\t\t\t\t\t\t\t<a\n\t\t\t\t\t\t\t\thref=\"https:\/\/www.thorsten-fritz.com\/?page_id=2942\"\n\t\t\t\t\t\t\t\t\t\t\t\t\t\t\t>\n\t\t\t\t\t\t\tFirmen Portraits\t\t\t\t\t\t\t<\/a>\n\t\t\t\t\t\t\t\t\t\t\t\t<\/h4>\n\t\t\t\t\n\t\t\t\t\t\t\t\t\t<div class=\"sow-features-feature-text\">\n\t\t\t\t\t<p><span style=\"color: #787474\"><a style=\"color: #787474\" href=\"https:\/\/www.thorsten-fritz.com\/?page_id=2942\">&nbsp;Mitarbeiter Fotos. R\u00e4umlichkeiten Produkte.<\/a><\/span><\/p>\n\t\t\t\t\t<\/div>\n\t\t\t\t\t\t\t\t\t\t<\/div>\n\t\t\t\t\t<p class=\"sow-more-text\">\n\t\t\t\t\t\t<a href=\"https:\/\/www.thorsten-fritz.com\/?page_id=2942\" >\t\t\t\t\t\tmehr erfahren...\t\t\t\t\t\t<\/a>\t\t\t\t\t<\/p>\n\t\t\t\t\t\t\t<\/div>\n\t\t\t\t\t\t\t<\/div>\n\t\t\t\t\t\t\t\t<\/li>\n\n\t\t\t<li\n\t\t\tclass=\"sow-features-feature sow-icon-container-position-top\"\n\t\t\tstyle=\"display: flex; flex-direction: column; width: calc(33.333% - 25px);\"\n\t\t>\n\t\t\t\n\t\t\t\t\t\t\t<div class=\"sow-features-feature-right-left-container\" style=\"display: flex; flex-direction: inherit;\">\n\t\t\t\t\t\t\t<a\t\t\t\tclass=\"sow-icon-container sow-container-none\"\n\t\t\t\tstyle=\"color: #404040; \"\n\t\t\t\t\n\t\t\t\t\t\t\t\t\thref=\"https:\/\/www.thorsten-fritz.com\/?page_id=1587\"\n\t\t\t\t\t\t\t\t>\n\t\t\t\t<span class=\"sow-icon-fontawesome sow-fas\" data-sow-icon=\"&#xf00c;\"\n\t\tstyle=\"font-size: 48px; color: #333333\" \n\t\taria-hidden=\"true\"><\/span>\t\t\t<\/a>\n\n\t\t\t<div class=\"textwidget\">\n\t\t\t\t\t\t\t\t\t<div class=\"sow-features-feature-content\">\n\t\t\t\t\n\t\t\t\t\t\t\t\t\t<h4 class=\"sow-features-feature-title\">\n\t\t\t\t\t\t\t\t\t\t\t\t\t<a\n\t\t\t\t\t\t\t\thref=\"https:\/\/www.thorsten-fritz.com\/?page_id=1587\"\n\t\t\t\t\t\t\t\t\t\t\t\t\t\t\t>\n\t\t\t\t\t\t\tHochzeiten \t\t\t\t\t\t\t<\/a>\n\t\t\t\t\t\t\t\t\t\t\t\t<\/h4>\n\t\t\t\t\n\t\t\t\t\t\t\t\t\t<div class=\"sow-features-feature-text\">\n\t\t\t\t\t<p>Standesamt oder Kirche sowie anschlie\u00dfende Feierlichkeiten.<\/p>\n<p>Gern begleite ich euch fotografisch durch euer Fest, oder eure Veranstaltung.<\/p>\n\t\t\t\t\t<\/div>\n\t\t\t\t\t\t\t\t\t\t<\/div>\n\t\t\t\t\t<p class=\"sow-more-text\">\n\t\t\t\t\t\t<a href=\"https:\/\/www.thorsten-fritz.com\/?page_id=1587\" >\t\t\t\t\t\tmehr erfahren \t\t\t\t\t\t<\/a>\t\t\t\t\t<\/p>\n\t\t\t\t\t\t\t<\/div>\n\t\t\t\t\t\t\t<\/div>\n\t\t\t\t\t\t\t\t<\/li>\n\n\t\t\t<li\n\t\t\tclass=\"sow-features-feature sow-icon-container-position-top\"\n\t\t\tstyle=\"display: flex; flex-direction: column; width: calc(33.333% - 25px);\"\n\t\t>\n\t\t\t\n\t\t\t\t\t\t<div\t\t\t\tclass=\"sow-icon-container sow-container-none\"\n\t\t\t\tstyle=\"color: #404040; \"\n\t\t\t\t\n\t\t\t\t\t\t\t>\n\t\t\t\t<span class=\"sow-icon-fontawesome sow-fas\" data-sow-icon=\"&#xf00c;\"\n\t\tstyle=\"font-size: 48px; color: #333333\" \n\t\taria-hidden=\"true\"><\/span>\t\t\t<\/div>\n\n\t\t\t<div class=\"textwidget\">\n\t\t\t\t\n\t\t\t\t\t\t\t\t\t<h4 class=\"sow-features-feature-title\">\n\t\t\t\t\t\tEvent und Veranstaltungs Fotografie.\t\t\t\t\t<\/h4>\n\t\t\t\t\n\t\t\t\t\t\t\t\t\t<div class=\"sow-features-feature-text\">\n\t\t\t\t\t<p>Gern begleite ich euch fotografisch durch euer Fest, Taufe oder eure Veranstaltung.<\/p>\n\t\t\t\t\t<\/div>\n\t\t\t\t\t\t\t\t<\/div>\n\t\t\t\t\t\t\t\t<\/li>\n\n\t\t\t<li\n\t\t\tclass=\"sow-features-feature sow-icon-container-position-top\"\n\t\t\tstyle=\"display: flex; flex-direction: column; width: calc(33.333% - 25px);\"\n\t\t>\n\t\t\t\n\t\t\t\t\t\t<div\t\t\t\tclass=\"sow-icon-container sow-container-none\"\n\t\t\t\tstyle=\"color: #404040; \"\n\t\t\t\t\n\t\t\t\t\t\t\t>\n\t\t\t\t<span class=\"sow-icon-fontawesome sow-fas\" data-sow-icon=\"&#xf00c;\"\n\t\tstyle=\"font-size: 48px; color: #333333\" \n\t\taria-hidden=\"true\"><\/span>\t\t\t<\/div>\n\n\t\t\t<div class=\"textwidget\">\n\t\t\t\t\n\t\t\t\t\t\t\t\t\t<h4 class=\"sow-features-feature-title\">\n\t\t\t\t\t\tPortrait Fotografie.\t\t\t\t\t<\/h4>\n\t\t\t\t\n\t\t\t\t\t\t\t\t\t<div class=\"sow-features-feature-text\">\n\t\t\t\t\t<p>Shootings an Verschiedenen Locations .<\/p>\n<p>&nbsp;<\/p>\n\t\t\t\t\t<\/div>\n\t\t\t\t\t\t\t\t<\/div>\n\t\t\t\t\t\t\t\t<\/li>\n\n\t<\/ul>\n<\/div><\/div><\/div><\/div><\/div><\/div><div id=\"pg-2570-6\"  class=\"panel-grid panel-has-style\" ><div class=\"panel-row-style panel-row-style-for-2570-6\" ><div id=\"pgc-2570-6-0\"  class=\"panel-grid-cell panel-grid-cell-empty\" ><\/div><\/div><\/div><div id=\"pg-2570-7\"  class=\"panel-grid panel-no-style\" ><div id=\"pgc-2570-7-0\"  class=\"panel-grid-cell\" ><div id=\"panel-2570-7-0-0\" class=\"so-panel widget panel-first-child panel-last-child\" data-index=\"10\" ><\/div><\/div><div id=\"pgc-2570-7-1\"  class=\"panel-grid-cell panel-grid-cell-mobile-last\" ><div id=\"panel-2570-7-1-0\" class=\"so-panel widget widget_sow-editor panel-first-child\" data-index=\"11\" ><div\n\t\t\t\n\t\t\tclass=\"so-widget-sow-editor so-widget-sow-editor-base\"\n\t\t\t\n\t\t><h3 class=\"widget-title\">Kontakt<\/h3>\n<div class=\"siteorigin-widget-tinymce textwidget\">\n\t<\/div>\n<\/div><\/div><div id=\"panel-2570-7-1-1\" class=\"so-panel widget widget_sow-editor panel-last-child\" data-index=\"12\" ><div\n\t\t\t\n\t\t\tclass=\"so-widget-sow-editor so-widget-sow-editor-base\"\n\t\t\t\n\t\t>\n<div class=\"siteorigin-widget-tinymce textwidget\">\n\t<p style=\"text-align: center;\">Sie mich \u00fcber das <a href=\"https:\/\/www.thorsten-fritz.com\/?page_id=397\">Kontaktformular<\/a>&nbsp; oder telefonisch erreichen.<\/p>\n<p style=\"text-align: center;\">Tel:05642 \/ 8090142&nbsp;&nbsp;&nbsp;&nbsp;&nbsp; 01573 \/ 3947995<\/p>\n<\/div>\n<\/div><\/div><\/div><div id=\"pgc-2570-7-2\"  class=\"panel-grid-cell panel-grid-cell-empty\" ><\/div><\/div><div id=\"pg-2570-8\"  class=\"panel-grid panel-no-style\" ><div id=\"pgc-2570-8-0\"  class=\"panel-grid-cell\" ><div id=\"panel-2570-8-0-0\" class=\"so-panel widget widget_block panel-first-child panel-last-child\" data-index=\"13\" ><\/div><\/div><\/div><div id=\"pg-2570-9\"  class=\"panel-grid panel-has-style\" ><div class=\"panel-row-style panel-row-style-for-2570-9\" ><div id=\"pgc-2570-9-0\"  class=\"panel-grid-cell panel-grid-cell-empty\" ><\/div><\/div><\/div><\/div>","protected":false},"excerpt":{"rendered":"<p>\u00dcber mich Thorsten Fritz Mein Name ist Thorsten, ich bin 48 Jahre alt und fotografiere seit etwa 12 Jahren. Ich &hellip; <a href=\"https:\/\/www.thorsten-fritz.com\/\" class=\"more-link\"><span class=\"more-button\">Read More<span class=\"screen-reader-text\"><\/span><\/span><\/a><\/p>\n","protected":false},"author":1,"featured_media":0,"parent":0,"menu_order":0,"comment_status":"closed","ping_status":"closed","template":"","meta":{"ngg_post_thumbnail":0,"__cvm_playback_settings":[],"__cvm_video_id":"","two_page_speed":{"current_score":{"desktop_score":91,"desktop_tti":"1.0\u00a0","mobile_score":76,"mobile_tti":"4.5\u00a0","date":"28.03.2026 12:33:13 pm","status":"error_no_score"},"previous_score":{"desktop_score":92,"desktop_tti":"2.8\u00a0","mobile_score":64,"mobile_tti":"11.9\u00a0","date":"18.02.2026 04:05:57 pm","status":"completed"}},"footnotes":""},"class_list":["post-2570","page","type-page","status-publish","hentry"],"jetpack_sharing_enabled":true,"jetpack_likes_enabled":false,"_links":{"self":[{"href":"https:\/\/www.thorsten-fritz.com\/index.php?rest_route=\/wp\/v2\/pages\/2570","targetHints":{"allow":["GET"]}}],"collection":[{"href":"https:\/\/www.thorsten-fritz.com\/index.php?rest_route=\/wp\/v2\/pages"}],"about":[{"href":"https:\/\/www.thorsten-fritz.com\/index.php?rest_route=\/wp\/v2\/types\/page"}],"author":[{"embeddable":true,"href":"https:\/\/www.thorsten-fritz.com\/index.php?rest_route=\/wp\/v2\/users\/1"}],"replies":[{"embeddable":true,"href":"https:\/\/www.thorsten-fritz.com\/index.php?rest_route=%2Fwp%2Fv2%2Fcomments&post=2570"}],"version-history":[{"count":42,"href":"https:\/\/www.thorsten-fritz.com\/index.php?rest_route=\/wp\/v2\/pages\/2570\/revisions"}],"predecessor-version":[{"id":3017,"href":"https:\/\/www.thorsten-fritz.com\/index.php?rest_route=\/wp\/v2\/pages\/2570\/revisions\/3017"}],"wp:attachment":[{"href":"https:\/\/www.thorsten-fritz.com\/index.php?rest_route=%2Fwp%2Fv2%2Fmedia&parent=2570"}],"curies":[{"name":"wp","href":"https:\/\/api.w.org\/{rel}","templated":true}]}}