{"id":813,"date":"2017-09-15T10:56:57","date_gmt":"2017-09-15T10:56:57","guid":{"rendered":"http:\/\/www.thorsten-fritz.com\/?page_id=813"},"modified":"2021-10-14T14:49:25","modified_gmt":"2021-10-14T14:49:25","slug":"fotokalender-2018","status":"publish","type":"page","link":"https:\/\/www.thorsten-fritz.com\/?page_id=813","title":{"rendered":"Fotokalender 2022"},"content":{"rendered":"<div id=\"pl-813\"  class=\"panel-layout\" ><div id=\"pg-813-0\"  class=\"panel-grid panel-no-style\" ><div id=\"pgc-813-0-0\"  class=\"panel-grid-cell\" ><div id=\"panel-813-0-0-0\" class=\"so-panel widget widget_sow-editor panel-first-child panel-last-child\" data-index=\"0\" ><div\n\t\t\t\n\t\t\tclass=\"so-widget-sow-editor so-widget-sow-editor-base\"\n\t\t\t\n\t\t>\n<div class=\"siteorigin-widget-tinymce textwidget\">\n\t<h2 style=\"padding-left: 30px;\"><strong>Die Warburger B\u00f6rde - Jahreskalender 2019&nbsp; im Gro\u00dfbild Format&nbsp; Din A3 .<br \/>\n<\/strong><\/h2>\n<h3 style=\"text-align: left; padding-left: 40px;\"><span style=\"color: #ff0000;\">Ausverkauft !<br \/>\n<\/span><\/h3>\n<hr \/>\n<p>&nbsp;<\/p>\n<p>&nbsp;<\/p>\n<p style=\"padding-left: 30px;\">Als <strong>Gro\u00dfbild Kalender<\/strong> in Anthrazit ( Bildbreite ca. 38 Cm) f\u00fcr eine optimale Bildwirkung!<\/p>\n<p><span style=\"color: #ff0000;\"><em>&nbsp;&nbsp;&nbsp;&nbsp;&nbsp;&nbsp;&nbsp; <\/em><\/span><strong>Die Produktion und der Vertrieb erfolgt ausschlie\u00dflich durch lokale Warburger Unternehmen!<\/strong><\/p>\n<p style=\"padding-left: 30px;\">Hergestellt wir der Kalender durch das <a href=\"http:\/\/www.druckcenter-warburg.de\/\">DruckCenter Warburg<\/a>. Neben der Bestellung im Online Shop ist der Kalender auch direkt vor Ort bei&nbsp; <strong>Lotto-Toto-Tabakwaren Sch\u00e4fers in der Hauptstr. 30&nbsp;<\/strong>&nbsp; sowie im Info Center am Marktplaz in Warburg erh\u00e4ltlich.<\/p>\n<p style=\"padding-left: 30px;\">Ab einer Abnahme von 20 St\u00fcck ist ein personalisiertes Layout in Form von Firmenlogos oder Bannern m\u00f6glich.<\/p>\n<p style=\"padding-left: 30px;\">Dadurch eignet sich der Kalender auch als&nbsp; Weichnachtgeschenk f\u00fcr Firmen und Unternehmen an ihre Kunden.<strong><br \/>\n<\/strong><\/p>\n<p>&nbsp;<\/p>\n<h4 class=\"fn\" style=\"text-align: center;\">Gro\u00dfbild Jahreskalender 2019<\/h4>\n<h6 class=\"fn\" style=\"text-align: center;\"><em>Die Vorschaubilder mit reduzierter Aufl\u00f6sung entsprechen nicht der gedruckten Qualit\u00e4t!<\/em><\/h6>\nngg_shortcode_0_placeholder\n<p style=\"padding-left: 30px;\">Entdecke Monat f\u00fcr Monat die Sch\u00f6nheit des Warburger Landes in hochwertigen Bildern und ausgesuchten Motiven, passend zur Jahreszeit.<\/p>\n<p style=\"padding-left: 30px;\">Gr\u00f6\u00dfe:<\/p>\n<p style=\"padding-left: 30px;\"><strong>&nbsp;&nbsp;&nbsp;&nbsp;&nbsp;&nbsp;&nbsp;&nbsp;&nbsp;&nbsp;&nbsp;&nbsp;&nbsp;&nbsp; Din A3&nbsp; 42,0 x 2,0 x 29,7 cm<\/strong><\/p>\n<p><strong>&nbsp;&nbsp;&nbsp;&nbsp;&nbsp;&nbsp;&nbsp;&nbsp;&nbsp;&nbsp;&nbsp;&nbsp;&nbsp; &nbsp;&nbsp; &nbsp;&nbsp;<br \/>\n<\/strong><\/p>\n<p>&nbsp;<\/p>\n<h4 style=\"padding-left: 30px;\">Der Kalender kann hier in der Gr\u00f6\u00dfe&nbsp; Din A3 f\u00fcr 26\u20ac&nbsp; bestellt werden.<\/h4>\n<p>&nbsp;<\/p>\n<h3 style=\"padding-left: 30px;\">[button link=\"http:\/\/warburg.jimdo.com\/\" size=\"large\" style=\"tick\" color=\"silver\"]Zur Bestellung[\/button]<\/h3>\n<h4 style=\"padding-left: 30px;\">&nbsp;<\/h4>\n<p style=\"padding-left: 30px;\"><span style=\"color: #ff0000;\"><strong>&nbsp;<\/strong><\/span><\/p>\n<p style=\"padding-left: 30px;\"><strong>Lotto-Toto-Tabakwaren Sch\u00e4fers<\/strong><\/p>\n<p style=\"padding-left: 30px;\"><strong>Hauptstr. 30 34414 Warburg<\/strong><\/p>\n<p style=\"padding-left: 30px;\">Eine kostenlose Abholung ggf. Lieferung innerhalb Warburgs ist nach Absprache ebenfalls m\u00f6glich.<\/p>\n<p style=\"padding-left: 30px;\">Kontakt:<\/p>\n<p style=\"padding-left: 30px;\">Tel:<\/p>\n<p style=\"padding-left: 30px;\">05642 \/8090142<\/p>\n<p style=\"padding-left: 30px;\">+49 1573 3947995<\/p>\n<p style=\"padding-left: 30px;\">Facebook <a title=\"https:\/\/www.facebook.com\/fotofritze\/\" href=\"https:\/\/www.facebook.com\/fotofritze\/\" target=\"_blank\" rel=\"noopener\">https:\/\/www.facebook.com\/fotofritze<\/a><\/p>\n<p style=\"padding-left: 30px;\">Kontakt Formular( E-Mail)&nbsp; <a title=\"http:\/\/www.thorsten-fritz.com\/?page_id=397\" href=\"http:\/\/www.thorsten-fritz.com\/?page_id=397\" target=\"_blank\" rel=\"noopener\">http:\/\/www.thorsten-fritz.com\/?page_id=397<\/a><\/p>\n<p style=\"padding-left: 30px;\">&nbsp;<\/p>\n<\/div>\n<\/div><\/div><\/div><\/div><\/div>","protected":false},"excerpt":{"rendered":"<p>Die Warburger B\u00f6rde &#8211; Jahreskalender 2019&nbsp; im Gro\u00dfbild Format&nbsp; Din A3 . Ausverkauft ! &nbsp; &nbsp; Als Gro\u00dfbild Kalender in &hellip; <a href=\"https:\/\/www.thorsten-fritz.com\/?page_id=813\" class=\"more-link\"><span class=\"more-button\">Read More<span class=\"screen-reader-text\">Fotokalender 2022<\/span><\/span><\/a><\/p>\n","protected":false},"author":1,"featured_media":0,"parent":0,"menu_order":13,"comment_status":"closed","ping_status":"closed","template":"","meta":{"ngg_post_thumbnail":0,"__cvm_playback_settings":[],"__cvm_video_id":"","two_page_speed":[],"footnotes":""},"class_list":["post-813","page","type-page","status-publish","hentry"],"jetpack_sharing_enabled":true,"jetpack_likes_enabled":false,"_links":{"self":[{"href":"https:\/\/www.thorsten-fritz.com\/index.php?rest_route=\/wp\/v2\/pages\/813","targetHints":{"allow":["GET"]}}],"collection":[{"href":"https:\/\/www.thorsten-fritz.com\/index.php?rest_route=\/wp\/v2\/pages"}],"about":[{"href":"https:\/\/www.thorsten-fritz.com\/index.php?rest_route=\/wp\/v2\/types\/page"}],"author":[{"embeddable":true,"href":"https:\/\/www.thorsten-fritz.com\/index.php?rest_route=\/wp\/v2\/users\/1"}],"replies":[{"embeddable":true,"href":"https:\/\/www.thorsten-fritz.com\/index.php?rest_route=%2Fwp%2Fv2%2Fcomments&post=813"}],"version-history":[{"count":78,"href":"https:\/\/www.thorsten-fritz.com\/index.php?rest_route=\/wp\/v2\/pages\/813\/revisions"}],"predecessor-version":[{"id":2414,"href":"https:\/\/www.thorsten-fritz.com\/index.php?rest_route=\/wp\/v2\/pages\/813\/revisions\/2414"}],"wp:attachment":[{"href":"https:\/\/www.thorsten-fritz.com\/index.php?rest_route=%2Fwp%2Fv2%2Fmedia&parent=813"}],"curies":[{"name":"wp","href":"https:\/\/api.w.org\/{rel}","templated":true}]}}